{"id":6391,"date":"2025-03-13T09:15:28","date_gmt":"2025-03-13T08:15:28","guid":{"rendered":"https:\/\/www.gruenlandstaudenhof.de\/cms2\/?page_id=6391"},"modified":"2025-04-08T13:30:46","modified_gmt":"2025-04-08T11:30:46","slug":"frische-wachteleier-im-abo","status":"publish","type":"page","link":"https:\/\/www.gruenlandstaudenhof.de\/cms2\/frische-wachteleier-im-abo\/","title":{"rendered":"Frische Wachteleier im Abo"},"content":{"rendered":"\n<p class=\"has-text-align-center has-text-color has-link-color has-medium-font-size wp-elements-3d7e48e6cffac6d9bd21c41f060bc532\" style=\"color:#06351f\">Monatliche Lieferung direkt zu Ihnen \u2013 genie\u00dfen Sie Premium Qualit\u00e4t.<\/p>\n\n\n\n<div class=\"wp-block-buttons is-content-justification-center is-layout-flex wp-container-core-buttons-is-layout-16018d1d wp-block-buttons-is-layout-flex\">\n<div class=\"wp-block-button\"><a class=\"wp-block-button__link has-luminous-vivid-orange-background-color has-background has-text-align-center wp-element-button\" href=\"#Bestellanfrage\">Jetzt Anfrage senden<\/a><\/div>\n<\/div>\n\n\n\n<hr class=\"wp-block-separator has-alpha-channel-opacity is-style-wide\"\/>\n\n\n\n<h2 class=\"wp-block-heading\">Erleben Sie den einzigartigen Geschmack unserer Wachteleier \u2013 ein Genuss direkt vom Hof!<\/h2>\n\n\n\n<p>Unsere Wachteleier \u00fcberzeugen nicht nur durch ihre au\u00dfergew\u00f6hnliche Frische und zarte Schale, sondern auch durch einen intensiven, feinen Geschmack, der Ihre K\u00fcche bereichert. In unserem Landwirt- und Hofladen legen wir gr\u00f6\u00dften Wert auf Qualit\u00e4t und Nachhaltigkeit.<\/p>\n\n\n<div class=\"wp-block-image\">\n<figure class=\"alignright size-medium is-resized\"><img loading=\"lazy\" decoding=\"async\" width=\"300\" height=\"225\" src=\"https:\/\/www.gruenlandstaudenhof.de\/cms2\/wp-content\/uploads\/2025\/03\/IMG20250312161233_sig-300x225.webp\" alt=\"\" class=\"wp-image-6393\" style=\"object-fit:cover;width:300px;height:auto\" srcset=\"https:\/\/www.gruenlandstaudenhof.de\/cms2\/wp-content\/uploads\/2025\/03\/IMG20250312161233_sig-300x225.webp 300w, https:\/\/www.gruenlandstaudenhof.de\/cms2\/wp-content\/uploads\/2025\/03\/IMG20250312161233_sig-1024x768.webp 1024w, https:\/\/www.gruenlandstaudenhof.de\/cms2\/wp-content\/uploads\/2025\/03\/IMG20250312161233_sig-768x576.webp 768w, https:\/\/www.gruenlandstaudenhof.de\/cms2\/wp-content\/uploads\/2025\/03\/IMG20250312161233_sig-1536x1152.webp 1536w, https:\/\/www.gruenlandstaudenhof.de\/cms2\/wp-content\/uploads\/2025\/03\/IMG20250312161233_sig-2048x1536.webp 2048w\" sizes=\"auto, (max-width: 300px) 100vw, 300px\" \/><\/figure>\n<\/div>\n\n\n<h2 class=\"wp-block-heading\">Unsere Wachteleier im \u00dcberblick:<\/h2>\n\n\n\n<ul class=\"wp-block-list\">\n<li><strong>H\u00f6chste Frische:<\/strong>&nbsp;Direkt von artgerecht gehaltenen Tieren \u2013 f\u00fcr ein unverf\u00e4lschtes Geschmackserlebnis.<\/li>\n\n\n\n<li><strong>Besonderer Genuss:<\/strong>&nbsp;Ideal als raffinierte Delikatesse im Salat, als Highlight in Buffets oder in kreativen Rezepten.<\/li>\n<\/ul>\n\n\n\n<p>Lassen Sie sich von der Qualit\u00e4t und dem unverwechselbaren Aroma unserer Wachteleier begeistern. Entdecken Sie, wie Tradition und moderne Landwirtschaft zusammenkommen, um Ihnen ein echtes Geschmackserlebnis zu bieten \u2013 vom Hof direkt auf Ihren Tisch.<\/p>\n\n\n\n<p>Auch als besonderes Highlight f\u00fcr Firmenveranstaltungen, Hochzeitsbuffets oder exklusive Events sind unsere Wachteleier eine hervorragende Wahl. Ihr edles Erscheinungsbild und der unvergleichliche Geschmack machen sie zum Star auf jedem Buffet \u2013 ob als raffinierte Dekoration oder als kulinarischer Genuss, der Ihre G\u00e4ste begeistert. Setzen Sie auf das gewisse Etwas und verleihen Sie Ihrer Veranstaltung einen Hauch von Exklusivit\u00e4t, der in Erinnerung bleibt.<\/p>\n\n\n\n<p><a href=\"https:\/\/www.gruenlandstaudenhof.de\/cms2\/unsere-wachteln\/\">Weitere Informationen zu unserem Wachteln.<\/a><\/p>\n\n\n\n<h2 class=\"wp-block-heading\">Ihr Abo \u2013 Vorteile und Details<\/h2>\n\n\n\n<ul class=\"wp-block-list\">\n<li>Monatliche Lieferung frisch geernteter Wachteleier<\/li>\n\n\n\n<li>Kein Eierkaufstress \u2013 immer die besten Eier zu Hause<\/li>\n\n\n\n<li>Exklusive Abo-Modelle f\u00fcr jeden Bedarf<\/li>\n<\/ul>\n\n\n\n<p>Unsere flexiblen Abo-Modelle sind auch f\u00fcr Firmen, Restaurants und Catering-Unternehmen ideal geeignet. Genie\u00dfen Sie regelm\u00e4\u00dfig frische Wachteleier direkt vom Hof \u2013 planbar, zuverl\u00e4ssig und in erstklassiger Qualit\u00e4t.<\/p>\n\n\n\n<h2 class=\"wp-block-heading\">Abo-Modelle im Vergleich<\/h2>\n\n\n\n<div class=\"wp-block-columns is-layout-flex wp-container-core-columns-is-layout-9d6595d7 wp-block-columns-is-layout-flex\">\n<div class=\"wp-block-column is-vertically-aligned-center is-layout-flow wp-block-column-is-layout-flow\">\n<p class=\"has-text-align-center has-vivid-red-color has-text-color has-link-color has-medium-font-size wp-elements-1e931f026b7e95f69f5cf9ccac12f296\"><strong>Basis<\/strong><\/p>\n\n\n\n<p class=\"has-text-align-center\"><strong>30,00 \u20ac<\/strong><br><strong>pro Monat<\/strong><\/p>\n\n\n\n<p class=\"has-text-align-center\"><strong>Laufzeit<\/strong><br>3 Monat<\/p>\n\n\n\n<p class=\"has-text-align-center\"><strong>Eier pro Monat<\/strong><br>48<\/p>\n\n\n\n<div class=\"wp-block-buttons is-content-justification-center is-layout-flex wp-container-core-buttons-is-layout-16018d1d wp-block-buttons-is-layout-flex\">\n<div class=\"wp-block-button\"><a class=\"wp-block-button__link has-luminous-vivid-orange-background-color has-background has-text-align-center wp-element-button\" href=\"#Bestellanfrage\">Jetzt Anfrage senden<\/a><\/div>\n<\/div>\n<\/div>\n\n\n\n<div class=\"wp-block-column is-layout-flow wp-block-column-is-layout-flow\">\n<p class=\"has-text-align-center has-vivid-red-color has-text-color has-link-color has-medium-font-size wp-elements-b5ec24c45f1181b652513bdd4008e70b\"><strong>Premium<\/strong><\/p>\n\n\n\n<p class=\"has-text-align-center\"><strong>27,50 \u20ac<\/strong><br><strong>pro Monat<\/strong><\/p>\n\n\n\n<p class=\"has-text-align-center\"><strong>Laufzeit<\/strong> <br>12 Monate<\/p>\n\n\n\n<p class=\"has-text-align-center\"><strong>Eier pro Monat<\/strong> <br>48<\/p>\n\n\n\n<div class=\"wp-block-buttons is-content-justification-center is-layout-flex wp-container-core-buttons-is-layout-16018d1d wp-block-buttons-is-layout-flex\">\n<div class=\"wp-block-button\"><a class=\"wp-block-button__link has-luminous-vivid-orange-background-color has-background has-text-align-center wp-element-button\" href=\"#Bestellanfrage\">Jetzt Anfrage senden<\/a><\/div>\n<\/div>\n<\/div>\n\n\n\n<div class=\"wp-block-column is-layout-flow wp-block-column-is-layout-flow\">\n<p class=\"has-text-align-center has-vivid-red-color has-text-color has-link-color has-medium-font-size wp-elements-8e88d8ac8d5cf747abb9a3f6e86adc8c\"><strong>Deluxe<\/strong><\/p>\n\n\n\n<p class=\"has-text-align-center\"><strong><strong>49,99 \u20ac<\/strong><br>pro Monat<\/strong><\/p>\n\n\n\n<p class=\"has-text-align-center\"><strong>Laufzeit<\/strong> <br>12 Monate<\/p>\n\n\n\n<p class=\"has-text-align-center\"><strong>Eier pro Monat<\/strong> <br>96<\/p>\n\n\n\n<div class=\"wp-block-buttons is-content-justification-center is-layout-flex wp-container-core-buttons-is-layout-16018d1d wp-block-buttons-is-layout-flex\">\n<div class=\"wp-block-button\"><a class=\"wp-block-button__link has-luminous-vivid-orange-background-color has-background has-text-align-center wp-element-button\" href=\"#Bestellanfrage\">Jetzt Anfrage senden<\/a><\/div>\n<\/div>\n<\/div>\n<\/div>\n\n\n\n<h2 class=\"wp-block-heading\">H\u00e4ufig gestellte Fragen (FAQ)<\/h2>\n\n\n\n<h3 class=\"wp-block-heading\">Wie funktioniert das Abo?<\/h3>\n\n\n\n<p>Bei unserem Wachteleier Abo erhalten Sie jeden Monat eine festgelegte Menge frischer Wachteleier direkt zu Ihnen nach Hause geliefert.<\/p>\n\n\n\n<h3 class=\"wp-block-heading\">Wie erfolgt die Zahlung?<\/h3>\n\n\n\n<p>Die Zahlung erfolgt f\u00fcr die vollst\u00e4ndige Vertragslaufzeit im Voraus.<\/p>\n\n\n\n<h3 class=\"wp-block-heading\">Woher kommen die Wachteleier?<\/h3>\n\n\n\n<p>Unsere Wachteleier stammen aus regionaler, artgerechter Haltung. So garantieren wir h\u00f6chste Frische und Qualit\u00e4t.<\/p>\n\n\n\n<h3 class=\"wp-block-heading\">Gibt es bei der Zustellung etwas zu beachten?<\/h3>\n\n\n\n<p>Da Wachteleier Lebensmittel und verderbliche Produkte sind, sollten Sie am Tag der Zustellung pers\u00f6nlich anwesend sein, um Ihre Sendung direkt entgegenzunehmen.<\/p>\n\n\n\n<h3 class=\"wp-block-heading\">Ich bin im Urlaub, kann ich die Lieferung aussetzen lassen?<\/h3>\n\n\n\n<p>Ja, das Aussetzen der Lieferung ist grunds\u00e4tzlich m\u00f6glich. Bitte setzen Sie sich mindestens 14 Tage vor Ihrem Urlaub mit uns in Verbindung, damit wir die entsprechenden Anpassungen vornehmen k\u00f6nnen.<\/p>\n\n\n\n<h3 class=\"wp-block-heading\">Kann ich einen Versandzeitraum, z.B. Anfang, Mitte oder Ende des Monats, festlegen?<\/h3>\n\n\n\n<p>Sprechen Sie uns gerne darauf an \u2013 wir werden versuchen, Ihren gew\u00fcnschten Versandzeitraum in unserer Planung zu ber\u00fccksichtigen.<\/p>\n\n\n\n<h2 class=\"wp-block-heading\" id=\"Bestellanfrage\">Bestellanfrage<\/h2>\n\n\n\n<p>F\u00fcllen Sie bitte das Formular aus, um Ihre Bestellanfrage f\u00fcr unser Wachteleier Abo zu senden:<\/p>\n\n\n\n<div class=\"wp-block-group is-content-justification-center is-nowrap is-layout-flex wp-container-core-group-is-layout-94bc23d7 wp-block-group-is-layout-flex\">\n<div class=\"wpcf7 no-js\" id=\"wpcf7-f6402-o1\" lang=\"de-DE\" dir=\"ltr\" data-wpcf7-id=\"6402\">\n<div class=\"screen-reader-response\"><p role=\"status\" aria-live=\"polite\" aria-atomic=\"true\"><\/p> <ul><\/ul><\/div>\n<form action=\"\/cms2\/wp-json\/wp\/v2\/pages\/6391#wpcf7-f6402-o1\" method=\"post\" class=\"wpcf7-form init\" aria-label=\"Kontaktformular\" novalidate=\"novalidate\" data-status=\"init\">\n<fieldset class=\"hidden-fields-container\"><input type=\"hidden\" name=\"_wpcf7\" value=\"6402\" \/><input type=\"hidden\" name=\"_wpcf7_version\" value=\"6.1.5\" \/><input type=\"hidden\" name=\"_wpcf7_locale\" value=\"de_DE\" \/><input type=\"hidden\" name=\"_wpcf7_unit_tag\" value=\"wpcf7-f6402-o1\" \/><input type=\"hidden\" name=\"_wpcf7_container_post\" value=\"0\" \/><input type=\"hidden\" name=\"_wpcf7_posted_data_hash\" value=\"\" \/><input type=\"hidden\" name=\"_wpcf7cf_hidden_group_fields\" value=\"[]\" \/><input type=\"hidden\" name=\"_wpcf7cf_hidden_groups\" value=\"[]\" \/><input type=\"hidden\" name=\"_wpcf7cf_visible_groups\" value=\"[]\" \/><input type=\"hidden\" name=\"_wpcf7cf_repeaters\" value=\"[]\" \/><input type=\"hidden\" name=\"_wpcf7cf_steps\" value=\"{}\" \/><input type=\"hidden\" name=\"_wpcf7cf_options\" value=\"{&quot;form_id&quot;:6402,&quot;conditions&quot;:[],&quot;settings&quot;:{&quot;animation&quot;:&quot;yes&quot;,&quot;animation_intime&quot;:200,&quot;animation_outtime&quot;:200,&quot;conditions_ui&quot;:&quot;normal&quot;,&quot;notice_dismissed&quot;:false}}\" \/>\n<\/fieldset>\n<p><strong> Kontakt- und Lieferanschrift <\/strong><br \/>\n<label> Vorname<br \/>\n<span class=\"wpcf7-form-control-wrap\" data-name=\"vorname\"><input size=\"40\" maxlength=\"400\" class=\"wpcf7-form-control wpcf7-text wpcf7-validates-as-required\" autocomplete=\"given-name\" aria-required=\"true\" aria-invalid=\"false\" value=\"\" type=\"text\" name=\"vorname\" \/><\/span> <\/label>\n<\/p>\n<p><label> Nachname<br \/>\n<span class=\"wpcf7-form-control-wrap\" data-name=\"nachname\"><input size=\"40\" maxlength=\"400\" class=\"wpcf7-form-control wpcf7-text wpcf7-validates-as-required\" autocomplete=\"family-name\" aria-required=\"true\" aria-invalid=\"false\" value=\"\" type=\"text\" name=\"nachname\" \/><\/span> <\/label>\n<\/p>\n<p><label> Stra\u00dfe und Hausnummer<br \/>\n<span class=\"wpcf7-form-control-wrap\" data-name=\"strasse\"><input size=\"40\" maxlength=\"400\" class=\"wpcf7-form-control wpcf7-text wpcf7-validates-as-required\" autocomplete=\"street-address\" aria-required=\"true\" aria-invalid=\"false\" value=\"\" type=\"text\" name=\"strasse\" \/><\/span> <\/label>\n<\/p>\n<p><span id=\"wpcf7-69f57a3ac914a-wrapper\" class=\"wpcf7-form-control-wrap Adresszusatz-wrap\" style=\"display:none !important; visibility:hidden !important;\"><label for=\"wpcf7-69f57a3ac914a-field\" class=\"hp-message\">Bitte lasse dieses Feld leer.<\/label><input id=\"wpcf7-69f57a3ac914a-field\"  placeholder=\"Adresszusatz\"  class=\"wpcf7-form-control wpcf7-text\" type=\"text\" name=\"Adresszusatz\" value=\"\" size=\"40\" tabindex=\"-1\" autocomplete=\"off\" \/><\/span>\n<\/p>\n<p><label> Postleitzahl<br \/>\n<span class=\"wpcf7-form-control-wrap\" data-name=\"plz\"><input size=\"40\" maxlength=\"400\" class=\"wpcf7-form-control wpcf7-text wpcf7-validates-as-required\" autocomplete=\"postal-code\" aria-required=\"true\" aria-invalid=\"false\" value=\"\" type=\"text\" name=\"plz\" \/><\/span> <\/label>\n<\/p>\n<p><label> Ort<br \/>\n<span class=\"wpcf7-form-control-wrap\" data-name=\"ort\"><input size=\"40\" maxlength=\"400\" class=\"wpcf7-form-control wpcf7-text wpcf7-validates-as-required\" autocomplete=\"address-level2\" aria-required=\"true\" aria-invalid=\"false\" value=\"\" type=\"text\" name=\"ort\" \/><\/span> <\/label>\n<\/p>\n<p><span id=\"wpcf7-69f57a3ac9308-wrapper\" class=\"wpcf7-form-control-wrap Mobil-wrap\" style=\"display:none !important; visibility:hidden !important;\"><label for=\"wpcf7-69f57a3ac9308-field\" class=\"hp-message\">Bitte lasse dieses Feld leer.<\/label><input id=\"wpcf7-69f57a3ac9308-field\"  placeholder=\"Mobil\"  class=\"wpcf7-form-control wpcf7-text\" type=\"text\" name=\"Mobil\" value=\"\" size=\"40\" tabindex=\"-1\" autocomplete=\"off\" \/><\/span>\n<\/p>\n<p><label> E-Mail-Adresse<br \/>\n<span class=\"wpcf7-form-control-wrap\" data-name=\"email\"><input size=\"40\" maxlength=\"400\" class=\"wpcf7-form-control wpcf7-email wpcf7-validates-as-required wpcf7-text wpcf7-validates-as-email\" autocomplete=\"email\" aria-required=\"true\" aria-invalid=\"false\" value=\"\" type=\"email\" name=\"email\" \/><\/span> <\/label>\n<\/p>\n<p><label> <strong>Welches Abo w\u00fcnschen Sie? <\/strong><\/label><br \/>\n<span class=\"wpcf7-form-control-wrap\" data-name=\"wachtelaboauswahl\"><select class=\"wpcf7-form-control wpcf7-select wpcf7-validates-as-required\" aria-required=\"true\" aria-invalid=\"false\" name=\"wachtelaboauswahl\"><option value=\"Basis\">Basis<\/option><option value=\"Premium\">Premium<\/option><option value=\"Delux\">Delux<\/option><\/select><\/span>\n<\/p>\n<p>Bitte beachten Sie unsere <a href=\"https:\/\/www.gruenlandstaudenhof.de\/Shop\/Datenschutz\" target=\"_blank\">Datenschutzerkl\u00e4rung<\/a>.\n<\/p>\n<p><input class=\"wpcf7-form-control wpcf7-submit has-spinner\" type=\"submit\" value=\"Senden\" \/>\n<\/p><div class=\"wpcf7-response-output\" aria-hidden=\"true\"><\/div>\n<\/form>\n<\/div>\n\n<\/div>\n\n\n\n<p><\/p>\n","protected":false},"excerpt":{"rendered":"<p>Monatliche Lieferung direkt zu Ihnen \u2013 genie\u00dfen Sie Premium Qualit\u00e4t. Erleben Sie den einzigartigen Geschmack unserer Wachteleier \u2013 ein Genuss direkt vom Hof! Unsere Wachteleier \u00fcberzeugen nicht nur durch ihre au\u00dfergew\u00f6hnliche Frische und zarte Schale, sondern auch durch einen intensiven, feinen Geschmack, der Ihre K\u00fcche bereichert. In unserem Landwirt- und Hofladen legen wir gr\u00f6\u00dften Wert [&hellip;]<\/p>\n","protected":false},"author":1,"featured_media":0,"parent":0,"menu_order":0,"comment_status":"closed","ping_status":"closed","template":"","meta":{"_uag_custom_page_level_css":"","ocean_post_layout":"","ocean_both_sidebars_style":"","ocean_both_sidebars_content_width":0,"ocean_both_sidebars_sidebars_width":0,"ocean_sidebar":"","ocean_second_sidebar":"","ocean_disable_margins":"enable","ocean_add_body_class":"","ocean_shortcode_before_top_bar":"","ocean_shortcode_after_top_bar":"","ocean_shortcode_before_header":"","ocean_shortcode_after_header":"","ocean_has_shortcode":"","ocean_shortcode_after_title":"","ocean_shortcode_before_footer_widgets":"","ocean_shortcode_after_footer_widgets":"","ocean_shortcode_before_footer_bottom":"","ocean_shortcode_after_footer_bottom":"","ocean_display_top_bar":"default","ocean_display_header":"default","ocean_header_style":"","ocean_center_header_left_menu":"","ocean_custom_header_template":"","ocean_custom_logo":0,"ocean_custom_retina_logo":0,"ocean_custom_logo_max_width":0,"ocean_custom_logo_tablet_max_width":0,"ocean_custom_logo_mobile_max_width":0,"ocean_custom_logo_max_height":0,"ocean_custom_logo_tablet_max_height":0,"ocean_custom_logo_mobile_max_height":0,"ocean_header_custom_menu":"","ocean_menu_typo_font_family":"","ocean_menu_typo_font_subset":"","ocean_menu_typo_font_size":0,"ocean_menu_typo_font_size_tablet":0,"ocean_menu_typo_font_size_mobile":0,"ocean_menu_typo_font_size_unit":"px","ocean_menu_typo_font_weight":"","ocean_menu_typo_font_weight_tablet":"","ocean_menu_typo_font_weight_mobile":"","ocean_menu_typo_transform":"","ocean_menu_typo_transform_tablet":"","ocean_menu_typo_transform_mobile":"","ocean_menu_typo_line_height":0,"ocean_menu_typo_line_height_tablet":0,"ocean_menu_typo_line_height_mobile":0,"ocean_menu_typo_line_height_unit":"","ocean_menu_typo_spacing":0,"ocean_menu_typo_spacing_tablet":0,"ocean_menu_typo_spacing_mobile":0,"ocean_menu_typo_spacing_unit":"","ocean_menu_link_color":"","ocean_menu_link_color_hover":"","ocean_menu_link_color_active":"","ocean_menu_link_background":"","ocean_menu_link_hover_background":"","ocean_menu_link_active_background":"","ocean_menu_social_links_bg":"","ocean_menu_social_hover_links_bg":"","ocean_menu_social_links_color":"","ocean_menu_social_hover_links_color":"","ocean_disable_title":"default","ocean_disable_heading":"default","ocean_post_title":"","ocean_post_subheading":"","ocean_post_title_style":"","ocean_post_title_background_color":"","ocean_post_title_background":0,"ocean_post_title_bg_image_position":"","ocean_post_title_bg_image_attachment":"","ocean_post_title_bg_image_repeat":"","ocean_post_title_bg_image_size":"","ocean_post_title_height":0,"ocean_post_title_bg_overlay":0.5,"ocean_post_title_bg_overlay_color":"","ocean_disable_breadcrumbs":"default","ocean_breadcrumbs_color":"","ocean_breadcrumbs_separator_color":"","ocean_breadcrumbs_links_color":"","ocean_breadcrumbs_links_hover_color":"","ocean_display_footer_widgets":"default","ocean_display_footer_bottom":"default","ocean_custom_footer_template":"","footnotes":""},"class_list":["post-6391","page","type-page","status-publish","hentry","entry"],"yoast_head":"<!-- This site is optimized with the Yoast SEO plugin v27.4 - https:\/\/yoast.com\/product\/yoast-seo-wordpress\/ -->\n<title>Frische Wachteleier im Abo - Gr\u00fcnlandstaudenhof<\/title>\n<meta name=\"description\" content=\"Monatliche Lieferung direkt zu Ihnen \u2013 genie\u00dfen Sie Premium Qualit\u00e4t. Jetzt Anfrage senden Erleben Sie den einzigartigen Geschmack unserer Wachteleier \u2013\" \/>\n<meta name=\"robots\" content=\"index, follow, max-snippet:-1, max-image-preview:large, max-video-preview:-1\" \/>\n<link rel=\"canonical\" href=\"https:\/\/www.gruenlandstaudenhof.de\/cms2\/frische-wachteleier-im-abo\/\" \/>\n<meta property=\"og:locale\" content=\"de_DE\" \/>\n<meta property=\"og:type\" content=\"article\" \/>\n<meta property=\"og:title\" content=\"Frische Wachteleier im Abo - Gr\u00fcnlandstaudenhof\" \/>\n<meta property=\"og:description\" content=\"Monatliche Lieferung direkt zu Ihnen \u2013 genie\u00dfen Sie Premium Qualit\u00e4t. Jetzt Anfrage senden Erleben Sie den einzigartigen Geschmack unserer Wachteleier \u2013\" \/>\n<meta property=\"og:url\" content=\"https:\/\/www.gruenlandstaudenhof.de\/cms2\/frische-wachteleier-im-abo\/\" \/>\n<meta property=\"og:site_name\" content=\"Gr\u00fcnlandstaudenhof\" \/>\n<meta property=\"article:publisher\" content=\"https:\/\/www.facebook.com\/gruenlandstaudenhof\" \/>\n<meta property=\"article:modified_time\" content=\"2025-04-08T11:30:46+00:00\" \/>\n<meta property=\"og:image\" content=\"https:\/\/www.gruenlandstaudenhof.de\/cms2\/wp-content\/uploads\/2025\/03\/IMG20250312161233_sig-scaled.webp\" \/>\n\t<meta property=\"og:image:width\" content=\"2560\" \/>\n\t<meta property=\"og:image:height\" content=\"1920\" \/>\n\t<meta property=\"og:image:type\" content=\"image\/webp\" \/>\n<meta name=\"twitter:card\" content=\"summary_large_image\" \/>\n<meta name=\"twitter:site\" content=\"@GSH_Oberhausen\" \/>\n<meta name=\"twitter:label1\" content=\"Gesch\u00e4tzte Lesezeit\" \/>\n\t<meta name=\"twitter:data1\" content=\"3\u00a0Minuten\" \/>\n<!-- \/ Yoast SEO plugin. -->","yoast_head_json":{"title":"Frische Wachteleier im Abo - Gr\u00fcnlandstaudenhof","description":"Monatliche Lieferung direkt zu Ihnen \u2013 genie\u00dfen Sie Premium Qualit\u00e4t. Jetzt Anfrage senden Erleben Sie den einzigartigen Geschmack unserer Wachteleier \u2013","robots":{"index":"index","follow":"follow","max-snippet":"max-snippet:-1","max-image-preview":"max-image-preview:large","max-video-preview":"max-video-preview:-1"},"canonical":"https:\/\/www.gruenlandstaudenhof.de\/cms2\/frische-wachteleier-im-abo\/","og_locale":"de_DE","og_type":"article","og_title":"Frische Wachteleier im Abo - Gr\u00fcnlandstaudenhof","og_description":"Monatliche Lieferung direkt zu Ihnen \u2013 genie\u00dfen Sie Premium Qualit\u00e4t. Jetzt Anfrage senden Erleben Sie den einzigartigen Geschmack unserer Wachteleier \u2013","og_url":"https:\/\/www.gruenlandstaudenhof.de\/cms2\/frische-wachteleier-im-abo\/","og_site_name":"Gr\u00fcnlandstaudenhof","article_publisher":"https:\/\/www.facebook.com\/gruenlandstaudenhof","article_modified_time":"2025-04-08T11:30:46+00:00","og_image":[{"width":2560,"height":1920,"url":"https:\/\/www.gruenlandstaudenhof.de\/cms2\/wp-content\/uploads\/2025\/03\/IMG20250312161233_sig-scaled.webp","type":"image\/webp"}],"twitter_card":"summary_large_image","twitter_site":"@GSH_Oberhausen","twitter_misc":{"Gesch\u00e4tzte Lesezeit":"3\u00a0Minuten"},"schema":{"@context":"https:\/\/schema.org","@graph":[{"@type":"WebPage","@id":"https:\/\/www.gruenlandstaudenhof.de\/cms2\/frische-wachteleier-im-abo\/","url":"https:\/\/www.gruenlandstaudenhof.de\/cms2\/frische-wachteleier-im-abo\/","name":"Frische Wachteleier im Abo - Gr\u00fcnlandstaudenhof","isPartOf":{"@id":"https:\/\/www.gruenlandstaudenhof.de\/cms2\/#website"},"primaryImageOfPage":{"@id":"https:\/\/www.gruenlandstaudenhof.de\/cms2\/frische-wachteleier-im-abo\/#primaryimage"},"image":{"@id":"https:\/\/www.gruenlandstaudenhof.de\/cms2\/frische-wachteleier-im-abo\/#primaryimage"},"thumbnailUrl":"https:\/\/www.gruenlandstaudenhof.de\/cms2\/wp-content\/uploads\/2025\/03\/IMG20250312161233_sig-300x225.webp","datePublished":"2025-03-13T08:15:28+00:00","dateModified":"2025-04-08T11:30:46+00:00","description":"Monatliche Lieferung direkt zu Ihnen \u2013 genie\u00dfen Sie Premium Qualit\u00e4t. Jetzt Anfrage senden Erleben Sie den einzigartigen Geschmack unserer Wachteleier \u2013","breadcrumb":{"@id":"https:\/\/www.gruenlandstaudenhof.de\/cms2\/frische-wachteleier-im-abo\/#breadcrumb"},"inLanguage":"de","potentialAction":[{"@type":"ReadAction","target":["https:\/\/www.gruenlandstaudenhof.de\/cms2\/frische-wachteleier-im-abo\/"]}]},{"@type":"ImageObject","inLanguage":"de","@id":"https:\/\/www.gruenlandstaudenhof.de\/cms2\/frische-wachteleier-im-abo\/#primaryimage","url":"https:\/\/www.gruenlandstaudenhof.de\/cms2\/wp-content\/uploads\/2025\/03\/IMG20250312161233_sig-scaled.webp","contentUrl":"https:\/\/www.gruenlandstaudenhof.de\/cms2\/wp-content\/uploads\/2025\/03\/IMG20250312161233_sig-scaled.webp","width":2560,"height":1920},{"@type":"BreadcrumbList","@id":"https:\/\/www.gruenlandstaudenhof.de\/cms2\/frische-wachteleier-im-abo\/#breadcrumb","itemListElement":[{"@type":"ListItem","position":1,"name":"Startseite","item":"https:\/\/www.gruenlandstaudenhof.de\/cms2\/"},{"@type":"ListItem","position":2,"name":"Frische Wachteleier im Abo"}]},{"@type":"WebSite","@id":"https:\/\/www.gruenlandstaudenhof.de\/cms2\/#website","url":"https:\/\/www.gruenlandstaudenhof.de\/cms2\/","name":"Gr\u00fcnlandstaudenhof","description":"Landwirtschaft, Gartenbau, Landhandel","publisher":{"@id":"https:\/\/www.gruenlandstaudenhof.de\/cms2\/#organization"},"potentialAction":[{"@type":"SearchAction","target":{"@type":"EntryPoint","urlTemplate":"https:\/\/www.gruenlandstaudenhof.de\/cms2\/?s={search_term_string}"},"query-input":{"@type":"PropertyValueSpecification","valueRequired":true,"valueName":"search_term_string"}}],"inLanguage":"de"},{"@type":"Organization","@id":"https:\/\/www.gruenlandstaudenhof.de\/cms2\/#organization","name":"Gr\u00fcnlandstaudenhof","url":"https:\/\/www.gruenlandstaudenhof.de\/cms2\/","logo":{"@type":"ImageObject","inLanguage":"de","@id":"https:\/\/www.gruenlandstaudenhof.de\/cms2\/#\/schema\/logo\/image\/","url":"https:\/\/www.gruenlandstaudenhof.de\/cms2\/wp-content\/uploads\/2016\/03\/logo_briefkopf_OT.png","contentUrl":"https:\/\/www.gruenlandstaudenhof.de\/cms2\/wp-content\/uploads\/2016\/03\/logo_briefkopf_OT.png","width":504,"height":504,"caption":"Gr\u00fcnlandstaudenhof"},"image":{"@id":"https:\/\/www.gruenlandstaudenhof.de\/cms2\/#\/schema\/logo\/image\/"},"sameAs":["https:\/\/www.facebook.com\/gruenlandstaudenhof","https:\/\/x.com\/GSH_Oberhausen","https:\/\/www.instagram.com\/gruenlandstaudenhof\/"]}]}},"uagb_featured_image_src":{"full":false,"thumbnail":false,"medium":false,"medium_large":false,"large":false,"1536x1536":false,"2048x2048":false,"ocean-thumb-m":false,"ocean-thumb-ml":false,"ocean-thumb-l":false},"uagb_author_info":{"display_name":"Administrator","author_link":"https:\/\/www.gruenlandstaudenhof.de\/cms2\/author\/administrator\/"},"uagb_comment_info":0,"uagb_excerpt":"Monatliche Lieferung direkt zu Ihnen \u2013 genie\u00dfen Sie Premium Qualit\u00e4t. Erleben Sie den einzigartigen Geschmack unserer Wachteleier \u2013 ein Genuss direkt vom Hof! Unsere Wachteleier \u00fcberzeugen nicht nur durch ihre au\u00dfergew\u00f6hnliche Frische und zarte Schale, sondern auch durch einen intensiven, feinen Geschmack, der Ihre K\u00fcche bereichert. In unserem Landwirt- und Hofladen legen wir gr\u00f6\u00dften Wert&hellip;","_links":{"self":[{"href":"https:\/\/www.gruenlandstaudenhof.de\/cms2\/wp-json\/wp\/v2\/pages\/6391","targetHints":{"allow":["GET"]}}],"collection":[{"href":"https:\/\/www.gruenlandstaudenhof.de\/cms2\/wp-json\/wp\/v2\/pages"}],"about":[{"href":"https:\/\/www.gruenlandstaudenhof.de\/cms2\/wp-json\/wp\/v2\/types\/page"}],"author":[{"embeddable":true,"href":"https:\/\/www.gruenlandstaudenhof.de\/cms2\/wp-json\/wp\/v2\/users\/1"}],"replies":[{"embeddable":true,"href":"https:\/\/www.gruenlandstaudenhof.de\/cms2\/wp-json\/wp\/v2\/comments?post=6391"}],"version-history":[{"count":0,"href":"https:\/\/www.gruenlandstaudenhof.de\/cms2\/wp-json\/wp\/v2\/pages\/6391\/revisions"}],"wp:attachment":[{"href":"https:\/\/www.gruenlandstaudenhof.de\/cms2\/wp-json\/wp\/v2\/media?parent=6391"}],"curies":[{"name":"wp","href":"https:\/\/api.w.org\/{rel}","templated":true}]}}